{"id":15985,"date":"2021-03-09T11:17:17","date_gmt":"2021-03-09T10:17:17","guid":{"rendered":"https:\/\/www.dvc.video\/lakasok-es-uzlethelyisegek\/"},"modified":"2024-10-31T09:33:13","modified_gmt":"2024-10-31T08:33:13","slug":"lakasok-es-uzlethelyisegek","status":"publish","type":"page","link":"https:\/\/www.dvc.video\/hu\/lakasok-es-uzlethelyisegek\/","title":{"rendered":"Lak\u00e1sok \u00e9s \u00fczlethelyis\u00e9gek"},"content":{"rendered":"<p>[et_pb_section fb_built=&#8221;1&#8243; _builder_version=&#8221;4.9.2&#8243; _module_preset=&#8221;default&#8221; background_enable_color=&#8221;off&#8221; background_image=&#8221;https:\/\/www.dvc.video\/wp-content\/uploads\/2021\/03\/bcg-red-triangle.jpg&#8221; height_last_edited=&#8221;off|desktop&#8221; global_module=&#8221;793&#8243;][et_pb_row _builder_version=&#8221;4.9.2&#8243; _module_preset=&#8221;default&#8221;][et_pb_column type=&#8221;4_4&#8243; _builder_version=&#8221;4.9.2&#8243; _module_preset=&#8221;default&#8221;][et_pb_text _builder_version=&#8221;4.9.7&#8243; _dynamic_attributes=&#8221;content&#8221; _module_preset=&#8221;default&#8221; header_text_color=&#8221;#FFFFFF&#8221; header_line_height=&#8221;1.3em&#8221; header_font_size_tablet=&#8221;&#8221; header_font_size_phone=&#8221;&#8221; header_font_size_last_edited=&#8221;on|desktop&#8221;]@ET-DC@eyJkeW5hbWljIjp0cnVlLCJjb250ZW50IjoicG9zdF90aXRsZSIsInNldHRpbmdzIjp7ImJlZm9yZSI6IjxoMT4iLCJhZnRlciI6IjxcL2gxPiJ9fQ==@[\/et_pb_text][\/et_pb_column][\/et_pb_row][\/et_pb_section][et_pb_section fb_built=&#8221;1&#8243; _builder_version=&#8221;4.9.10&#8243; _module_preset=&#8221;default&#8221; hover_enabled=&#8221;0&#8243; custom_padding=&#8221;||0px||false|false&#8221; sticky_enabled=&#8221;0&#8243;][et_pb_row _builder_version=&#8221;4.9.4&#8243; _module_preset=&#8221;default&#8221;][et_pb_column type=&#8221;4_4&#8243; _builder_version=&#8221;4.9.4&#8243; _module_preset=&#8221;default&#8221;][et_pb_text _builder_version=&#8221;4.9.2&#8243; _module_preset=&#8221;default&#8221;]<\/p>\n<h2>Okosotthon megold\u00e1sok<\/h2>\n<p>A mindennapi \u00e9letbe be\u00e9p\u00edtett, teljesen l\u00e1thatatlan, a h\u00e1zon vagy lak\u00e1son bel\u00fcli intelligens rendszerekkel integr\u00e1lt vide\u00f3megfigyel\u00e9si megold\u00e1sok n\u00f6velik a felhaszn\u00e1l\u00f3k biztons\u00e1g\u00e1t \u00e9s ez\u00e1ltal \u00e9letmin\u0151s\u00e9g\u00e9t. Az ak\u00e1r 16 kamer\u00e1t tartalmaz\u00f3 vide\u00f3megfigyel\u0151 rendszer \u00e9s az ak\u00e1r 32 c\u00edmet tartalmaz\u00f3 vide\u00f3s kaputelefon-rendszer alkalmas a legt\u00f6bb lak\u00e1shoz, h\u00e1zhoz, nyaral\u00f3hoz, vill\u00e1hoz, valamint a lak\u00f3\u00f6vezetekben tal\u00e1lhat\u00f3 kisv\u00e1llalkoz\u00e1sokhoz, mint p\u00e9ld\u00e1ul fogorvosi rendel\u0151k, irod\u00e1k, p\u00e9nzv\u00e1lt\u00f3k, bukm\u00e9kerek, k\u00fcl\u00f6nb\u00f6z\u0151 kis \u00fczletek stb. sz\u00e1m\u00e1ra.<\/p>\n<p>[\/et_pb_text][\/et_pb_column][\/et_pb_row][et_pb_row _builder_version=&#8221;4.9.4&#8243; _module_preset=&#8221;default&#8221;][et_pb_column type=&#8221;4_4&#8243; _builder_version=&#8221;4.9.4&#8243; _module_preset=&#8221;default&#8221;][et_pb_text _builder_version=&#8221;4.9.2&#8243; _module_preset=&#8221;default&#8221;]<\/p>\n<h2>Wi-Fi IP kamer\u00e1k<\/h2>\n<p>A Wi-Fi IP kamer\u00e1k k\u00f6nnyen telep\u00edthet\u0151k \u00e9s programozhat\u00f3k, nagy hat\u00f3t\u00e1vols\u00e1ggal rendelkeznek, \u00e9s otthoni \u00e9s \u00fczleti alkalmaz\u00e1sokban egyar\u00e1nt haszn\u00e1lhat\u00f3k. Az \u00fctemezett r\u00f6gz\u00edt\u00e9ssel vagy mozg\u00e1s\u00e9rz\u00e9kel\u00e9ssel rendelkez\u0151 modellek k\u00fcl- \u00e9s belt\u00e9ri telep\u00edt\u00e9shez egyar\u00e1nt el\u00e9rhet\u0151k. Lehet\u0151v\u00e9 teszik az ak\u00e1r 5 MP felbont\u00e1s\u00fa felv\u00e9telt, a k\u00e9tir\u00e1ny\u00fa hangkommunik\u00e1ci\u00f3t, az \u00e9jszakai felv\u00e9telt \u00e9s a vide\u00f3t\u00e1rol\u00e1st SD-k\u00e1rty\u00e1n vagy felvev\u0151n. A helyis\u00e9gek mobiltelefonon kereszt\u00fcl t\u00e1volr\u00f3l is fel\u00fcgyelhet\u0151k.<\/p>\n<p>[\/et_pb_text][\/et_pb_column][\/et_pb_row][et_pb_row _builder_version=&#8221;4.9.4&#8243; _module_preset=&#8221;default&#8221;][et_pb_column type=&#8221;4_4&#8243; _builder_version=&#8221;4.9.4&#8243; _module_preset=&#8221;default&#8221;][et_pb_text _builder_version=&#8221;4.9.2&#8243; _module_preset=&#8221;default&#8221;]<\/p>\n<h2>Biztons\u00e1g akkor is, amikor h\u00e1zon k\u00edv\u00fcl van<\/h2>\n<p>Az otthon az ember biztons\u00e1gos mened\u00e9ke. A legszebb \u00e9s legnyugodtabb pillanatokat az otthon k\u00e9nyelm\u00e9ben \u00e9li \u00e1t. A leg\u00e9rt\u00e9kesebb dolgaink, p\u00e9ld\u00e1ul a lak\u00e1s, a gar\u00e1zs, a nyaral\u00f3 vagy az irodahelyis\u00e9g biztons\u00e1g\u00e1nak garant\u00e1l\u00e1sa rendk\u00edv\u00fcl fontos.<\/p>\n<p>A v\u00e9delem \u00e9s a biztons\u00e1g leghat\u00e9konyabb fokoz\u00e1s\u00e1hoz, a lop\u00e1s vagy bet\u00f6r\u00e9s lehet\u0151s\u00e9g\u00e9nek megnehez\u00edt\u00e9s\u00e9hez a legmegfelel\u0151bb videokamer\u00e1s megfigyel\u0151k\u00e9szletek \u00e1llnak rendelkez\u00e9sre, egy\u00e9ni ig\u00e9nyeknek megfelel\u0151en.<\/p>\n<p>[\/et_pb_text][\/et_pb_column][\/et_pb_row][et_pb_row _builder_version=&#8221;4.9.4&#8243; _module_preset=&#8221;default&#8221;][et_pb_column type=&#8221;4_4&#8243; _builder_version=&#8221;4.9.4&#8243; _module_preset=&#8221;default&#8221;][et_pb_text _builder_version=&#8221;4.9.2&#8243; _module_preset=&#8221;default&#8221;]<\/p>\n<h2>Egyszer\u0171 \u00e9s szakszer\u0171 telep\u00edt\u00e9s<\/h2>\n<p>Annak \u00e9rdek\u00e9ben, hogy a kiv\u00e1lasztott vide\u00f3megfigyel\u0151 rendszer a lehet\u0151 legbiztons\u00e1gosabb legyen, nagyon fontos az eszk\u00f6z\u00f6k megfelel\u0151 elrendez\u00e9se \u00e9s elhelyez\u00e9se a helyis\u00e9gen bel\u00fcl \u00e9s k\u00edv\u00fcl. A mai felgyorsult vil\u00e1gban ide\u00e1lisak azok a v\u00e9delmi rendszerek, amelyek k\u00f6nnyen telep\u00edthet\u0151k \u00e9s kezelhet\u0151k.<\/p>\n<p>[\/et_pb_text][\/et_pb_column][\/et_pb_row][et_pb_row _builder_version=&#8221;4.9.4&#8243; _module_preset=&#8221;default&#8221;][et_pb_column type=&#8221;4_4&#8243; _builder_version=&#8221;4.9.4&#8243; _module_preset=&#8221;default&#8221;][et_pb_text _builder_version=&#8221;4.9.2&#8243; _module_preset=&#8221;default&#8221;]<\/p>\n<h2>Val\u00f3s idej\u0171 kamera \u00e1ttekint\u00e9s<\/h2>\n<p>Az intelligens otthoni biztons\u00e1gi kamer\u00e1knak k\u00e9pesnek kell lenni\u00fck a l\u00e1togat\u00f3k felismer\u00e9s\u00e9re \u00e9s riaszt\u00e1sok k\u00fcld\u00e9s\u00e9re, \u00edgy az otthon biztons\u00e1gban marad akkor is, amikor senki sincs ott. Az ingyenes DVC Connect alkalmaz\u00e1s iOS \u00e9s Android oper\u00e1ci\u00f3s rendszerre lehet\u0151v\u00e9 teszi a kamer\u00e1khoz val\u00f3 hozz\u00e1f\u00e9r\u00e9st b\u00e1rmikor \u00e9s a vil\u00e1g b\u00e1rmely pontj\u00e1r\u00f3l.<\/p>\n<p>A megfelel\u0151 vide\u00f3fel\u00fcgyelet a v\u00e9dett helyis\u00e9g minden kritikus hely\u00e9t &#8211; rakt\u00e1rak, bej\u00e1ratok, bej\u00e1ratok &#8211; \u0151rzi \u00e9s ellen\u0151rzi, amelyek mobiltelefonon kereszt\u00fcl t\u00e1volr\u00f3l, val\u00f3s id\u0151ben fel\u00fcgyelhet\u0151k. A mobiltelefon SD-k\u00e1rty\u00e1j\u00e1ra t\u00f6rt\u00e9n\u0151 helyi r\u00f6gz\u00edt\u00e9s \u00e9s a r\u00f6gz\u00edtett anyag SD-k\u00e1rty\u00e1r\u00f3l t\u00f6rt\u00e9n\u0151 megtekint\u00e9se is lehets\u00e9ges, valamint a felhaszn\u00e1l\u00f3k riaszt\u00e1sa a mozg\u00e1s\u00e9rz\u00e9kel\u00e9s vagy a felvev\u0151 riaszt\u00e1si bemenetei \u00e1ltal kezdem\u00e9nyezett esem\u00e9nyekr\u0151l.<\/p>\n<p>[\/et_pb_text][\/et_pb_column][\/et_pb_row][\/et_pb_section][et_pb_section fb_built=&#8221;1&#8243; _builder_version=&#8221;4.9.10&#8243; _module_preset=&#8221;default&#8221; hover_enabled=&#8221;0&#8243; saved_tabs=&#8221;all&#8221; global_module=&#8221;721&#8243; custom_padding=&#8221;0px||||false|false&#8221; sticky_enabled=&#8221;0&#8243;][et_pb_row column_structure=&#8221;1_2,1_2&#8243; use_custom_gutter=&#8221;on&#8221; gutter_width=&#8221;1&#8243; make_equal=&#8221;on&#8221; _builder_version=&#8221;4.9.4&#8243; _module_preset=&#8221;default&#8221;][et_pb_column type=&#8221;1_2&#8243; _builder_version=&#8221;4.9.1&#8243; _module_preset=&#8221;default&#8221;][et_pb_blurb title=&#8221;DVC Connect&#8221; image=&#8221;https:\/\/www.dvc.video\/wp-content\/uploads\/2021\/03\/dvc-connect.jpg&#8221; alt=&#8221;DVC Connect&#8221; _builder_version=&#8221;4.9.10&#8243; _module_preset=&#8221;default&#8221; header_font=&#8221;|700|||||||&#8221; body_font_size=&#8221;14px&#8221; custom_padding_tablet=&#8221;||50px||false|false&#8221; custom_padding_phone=&#8221;&#8221; custom_padding_last_edited=&#8221;on|tablet&#8221; animation=&#8221;off&#8221; border_width_right=&#8221;1px&#8221; border_color_right=&#8221;#e7e7e7&#8243; border_width_right_tablet=&#8221;0px&#8221; border_width_right_phone=&#8221;&#8221; border_width_right_last_edited=&#8221;on|tablet&#8221; border_width_bottom_tablet=&#8221;&#8221; border_width_bottom_phone=&#8221;&#8221; border_width_bottom_last_edited=&#8221;on|desktop&#8221;]<\/p>\n<p>Az alkalmaz\u00e1s seg\u00edts\u00e9g\u00e9vel megtekinthet\u0151k a kamer\u00e1k az \u00e9l\u0151 rekorderr\u0151l, helyileg r\u00f6gz\u00edthet\u0151k a mobiltelefon SD-k\u00e1rty\u00e1j\u00e1ra \u00e9s megtekinthet\u0151k a r\u00f6gz\u00edtett felv\u00e9telek az SD-k\u00e1rty\u00e1r\u00f3l, valamint a mozg\u00e1s\u00e9rz\u00e9kel\u00e9s vagy a rekorder riaszt\u00e1si bemenetei \u00e1ltal kezdem\u00e9nyezett esem\u00e9nyekr\u0151l is \u00e9rtes\u00edtheti a felhaszn\u00e1l\u00f3t.<\/p>\n<p><a href=\"https:\/\/play.google.com\/store\/apps\/details?id=video.dvc.connect\" target=\"_blank\" rel=\"noopener\"><img decoding=\"async\" class=\"app_store_badge\" src=\"https:\/\/www.dvc.video\/wp-content\/uploads\/\/2021\/03\/google-play-badge.svg\" \/><\/a>\u00a0<a href=\"https:\/\/apps.apple.com\/hr\/app\/dvc-connect\/id1453670318?l=hr\" target=\"_blank\" rel=\"noopener\"><img decoding=\"async\" class=\"app_store_badge\" src=\"https:\/\/www.dvc.video\/wp-content\/uploads\/\/2021\/03\/download-on-the-app-store-badge.svg\" \/><\/a><\/p>\n<p>[\/et_pb_blurb][\/et_pb_column][et_pb_column type=&#8221;1_2&#8243; _builder_version=&#8221;4.9.1&#8243; _module_preset=&#8221;default&#8221;][et_pb_blurb title=&#8221;VDP Connect&#8221; image=&#8221;https:\/\/www.dvc.video\/wp-content\/uploads\/2021\/03\/vdp-connect.jpg&#8221; alt=&#8221;VDP Connect&#8221; _builder_version=&#8221;4.9.10&#8243; _module_preset=&#8221;default&#8221; header_font=&#8221;|700|||||||&#8221; body_font_size=&#8221;14px&#8221; animation=&#8221;off&#8221;]<\/p>\n<p>Az alkalmaz\u00e1s nagy seg\u00edts\u00e9get jelent a DVC vide\u00f3 kaputelefon rendszer minden felhaszn\u00e1l\u00f3j\u00e1nak. Az applik\u00e1ci\u00f3val a felhaszn\u00e1l\u00f3 fogadhat egy k\u00fclt\u00e9ri egys\u00e9gr\u0151l \u00e9rkez\u0151 h\u00edv\u00e1st, mobileszk\u00f6z\u00f6n kereszt\u00fcl besz\u00e9lhet a l\u00e1togat\u00f3kkal \u00e9s vez\u00e9relheti a felold\u00e1st.<\/p>\n<p><a href=\"https:\/\/play.google.com\/store\/apps\/details?id=com.vdpconnect.vdp\" target=\"_blank\" rel=\"noopener\"><img decoding=\"async\" class=\"app_store_badge\" src=\"https:\/\/www.dvc.video\/wp-content\/uploads\/\/2021\/03\/google-play-badge.svg\" \/><\/a>\u00a0<a href=\"https:\/\/apps.apple.com\/sa\/app\/vdpconnect\/id1537340769\" target=\"_blank\" rel=\"noopener\"><img decoding=\"async\" class=\"app_store_badge\" src=\"https:\/\/www.dvc.video\/wp-content\/uploads\/\/2021\/03\/download-on-the-app-store-badge.svg\" \/><\/a><\/p>\n<p>[\/et_pb_blurb][\/et_pb_column][\/et_pb_row][\/et_pb_section]<\/p>\n","protected":false},"excerpt":{"rendered":"<p>Okosotthon megold\u00e1sok A mindennapi \u00e9letbe be\u00e9p\u00edtett, teljesen l\u00e1thatatlan, a h\u00e1zon vagy lak\u00e1son bel\u00fcli intelligens rendszerekkel integr\u00e1lt vide\u00f3megfigyel\u00e9si megold\u00e1sok n\u00f6velik a felhaszn\u00e1l\u00f3k biztons\u00e1g\u00e1t \u00e9s ez\u00e1ltal \u00e9letmin\u0151s\u00e9g\u00e9t. Az ak\u00e1r 16 kamer\u00e1t tartalmaz\u00f3 vide\u00f3megfigyel\u0151 rendszer \u00e9s az ak\u00e1r 32 c\u00edmet tartalmaz\u00f3 vide\u00f3s kaputelefon-rendszer alkalmas a legt\u00f6bb lak\u00e1shoz, h\u00e1zhoz, nyaral\u00f3hoz, vill\u00e1hoz, valamint a lak\u00f3\u00f6vezetekben tal\u00e1lhat\u00f3 kisv\u00e1llalkoz\u00e1sokhoz, mint p\u00e9ld\u00e1ul fogorvosi [&hellip;]<\/p>\n","protected":false},"author":9,"featured_media":0,"parent":0,"menu_order":0,"comment_status":"closed","ping_status":"closed","template":"","meta":{"_et_pb_use_builder":"on","_et_pb_old_content":"","_et_gb_content_width":"","footnotes":""},"class_list":["post-15985","page","type-page","status-publish","hentry"],"_links":{"self":[{"href":"https:\/\/www.dvc.video\/hu\/wp-json\/wp\/v2\/pages\/15985","targetHints":{"allow":["GET"]}}],"collection":[{"href":"https:\/\/www.dvc.video\/hu\/wp-json\/wp\/v2\/pages"}],"about":[{"href":"https:\/\/www.dvc.video\/hu\/wp-json\/wp\/v2\/types\/page"}],"author":[{"embeddable":true,"href":"https:\/\/www.dvc.video\/hu\/wp-json\/wp\/v2\/users\/9"}],"replies":[{"embeddable":true,"href":"https:\/\/www.dvc.video\/hu\/wp-json\/wp\/v2\/comments?post=15985"}],"version-history":[{"count":1,"href":"https:\/\/www.dvc.video\/hu\/wp-json\/wp\/v2\/pages\/15985\/revisions"}],"predecessor-version":[{"id":32162,"href":"https:\/\/www.dvc.video\/hu\/wp-json\/wp\/v2\/pages\/15985\/revisions\/32162"}],"wp:attachment":[{"href":"https:\/\/www.dvc.video\/hu\/wp-json\/wp\/v2\/media?parent=15985"}],"curies":[{"name":"wp","href":"https:\/\/api.w.org\/{rel}","templated":true}]}}